{"id":2856,"date":"2020-07-11T10:52:08","date_gmt":"2020-07-11T14:52:08","guid":{"rendered":"https:\/\/compassionaction.thedev.ca\/acceuil\/"},"modified":"2021-11-15T10:50:55","modified_gmt":"2021-11-15T15:50:55","slug":"acceuil","status":"publish","type":"page","link":"https:\/\/compassionaction.thedev.ca\/fr\/","title":{"rendered":"Accueil"},"content":{"rendered":"<p>[et_pb_section fb_built=\u00a0\u00bb1&Prime; fullwidth=\u00a0\u00bbon\u00a0\u00bb custom_padding_last_edited=\u00a0\u00bbon|desktop\u00a0\u00bb admin_label=\u00a0\u00bbHome Slider\u00a0\u00bb module_class=\u00a0\u00bbhome_slider\u00a0\u00bb _builder_version=\u00a0\u00bb4.4.9&Prime; background_color=\u00a0\u00bb#ffffff\u00a0\u00bb use_background_color_gradient=\u00a0\u00bbon\u00a0\u00bb background_color_gradient_start=\u00a0\u00bb#f7f6f4&Prime; background_color_gradient_end=\u00a0\u00bbrgba(255,255,255,0)\u00a0\u00bb background_color_gradient_start_position=\u00a0\u00bb15%\u00a0\u00bb background_color_gradient_end_position=\u00a0\u00bb40%\u00a0\u00bb background_color_gradient_overlays_image=\u00a0\u00bbon\u00a0\u00bb custom_padding=\u00a0\u00bb85px||||false|false\u00a0\u00bb custom_padding_tablet=\u00a0\u00bb0px||||false|false\u00a0\u00bb custom_padding_phone=\u00a0\u00bb50px||||false|false\u00a0\u00bb bottom_divider_style=\u00a0\u00bbwave2&Prime; bottom_divider_color=\u00a0\u00bb#006da5&Prime; bottom_divider_height=\u00a0\u00bb70px\u00a0\u00bb bottom_divider_repeat=\u00a0\u00bb0x\u00a0\u00bb][et_pb_fullwidth_slider arrows_custom_color=\u00a0\u00bb#ffffff\u00a0\u00bb dot_nav_custom_color=\u00a0\u00bb#ffffff\u00a0\u00bb _builder_version=\u00a0\u00bb4.6.0&Prime; body_font=\u00a0\u00bb|300|||||||\u00a0\u00bb body_font_size=\u00a0\u00bb36px\u00a0\u00bb use_background_color_gradient=\u00a0\u00bbon\u00a0\u00bb background_color_gradient_start=\u00a0\u00bb#ffffff\u00a0\u00bb background_color_gradient_end=\u00a0\u00bbrgba(247,244,235,0)\u00a0\u00bb background_color_gradient_start_position=\u00a0\u00bb10%\u00a0\u00bb background_color_gradient_end_position=\u00a0\u00bb50%\u00a0\u00bb background_color_gradient_overlays_image=\u00a0\u00bbon\u00a0\u00bb background_position=\u00a0\u00bbbottom_center\u00a0\u00bb text_orientation=\u00a0\u00bbleft\u00a0\u00bb module_alignment=\u00a0\u00bbcenter\u00a0\u00bb content_width=\u00a0\u00bb100%\u00a0\u00bb min_height_tablet=\u00a0\u00bb\u00a0\u00bb min_height_phone=\u00a0\u00bb\u00a0\u00bb min_height_last_edited=\u00a0\u00bbon|phone\u00a0\u00bb auto=\u00a0\u00bbon\u00a0\u00bb body_font_size_tablet=\u00a0\u00bb22px\u00a0\u00bb body_font_size_phone=\u00a0\u00bb17px\u00a0\u00bb body_font_size_last_edited=\u00a0\u00bbon|phone\u00a0\u00bb][et_pb_slide admin_title=\u00a0\u00bben travaillant ensemble nous trouvons le bon\u00a0\u00bb _builder_version=\u00a0\u00bb4.6.0&Prime; header_level=\u00a0\u00bbh1&Prime; header_text_align=\u00a0\u00bbleft\u00a0\u00bb header_text_color=\u00a0\u00bb#cc3333&Prime; header_font_size=\u00a0\u00bb30px\u00a0\u00bb body_text_color=\u00a0\u00bb#b92727&Prime; body_font_size=\u00a0\u00bb36px\u00a0\u00bb body_line_height=\u00a0\u00bb46px\u00a0\u00bb background_enable_color=\u00a0\u00bboff\u00a0\u00bb use_background_color_gradient=\u00a0\u00bbon\u00a0\u00bb background_color_gradient_start=\u00a0\u00bb#f7f6f4&Prime; background_color_gradient_end=\u00a0\u00bbrgba(247,244,235,0)\u00a0\u00bb background_image=\u00a0\u00bbhttps:\/\/compassionaction.thedev.ca\/wp-content\/uploads\/2020\/06\/holding-hands.png\u00a0\u00bb background_enable_image=\u00a0\u00bbon\u00a0\u00bb text_orientation=\u00a0\u00bbleft\u00a0\u00bb background_layout=\u00a0\u00bblight\u00a0\u00bb sticky_transition=\u00a0\u00bbon\u00a0\u00bb]<\/p>\n<p class=\"p1\">En travaillant ensemble,<br \/> nous trouvons le<i><strong> positif\u00a0<\/strong><\/i>dans nos communaut\u00e9s.<\/p>\n<p>[\/et_pb_slide][\/et_pb_fullwidth_slider][\/et_pb_section][et_pb_section fb_built=\u00a0\u00bb1&Prime; _builder_version=\u00a0\u00bb4.4.9&Prime; background_color=\u00a0\u00bb#006da5&Prime; use_background_color_gradient=\u00a0\u00bboff\u00a0\u00bb custom_margin_tablet=\u00a0\u00bb\u00a0\u00bb custom_margin_phone=\u00a0\u00bb\u00a0\u00bb custom_margin_last_edited=\u00a0\u00bbon|phone\u00a0\u00bb custom_padding=\u00a0\u00bb0px||||false|false\u00a0\u00bb][et_pb_row column_structure=\u00a0\u00bb3_5,2_5&Prime; custom_padding_last_edited=\u00a0\u00bbon|phone\u00a0\u00bb _builder_version=\u00a0\u00bb4.6.0&Prime; custom_padding=\u00a0\u00bb15px||0px||false|false\u00a0\u00bb custom_padding_tablet=\u00a0\u00bb0px|||0px|false|false\u00a0\u00bb custom_padding_phone=\u00a0\u00bb\u00a0\u00bb][et_pb_column type=\u00a0\u00bb3_5&Prime; _builder_version=\u00a0\u00bb4.4.7&Prime;][et_pb_text _builder_version=\u00a0\u00bb4.6.0&Prime; text_font=\u00a0\u00bbOpen Sans||||||||\u00a0\u00bb text_text_color=\u00a0\u00bb#ffffff\u00a0\u00bb link_font=\u00a0\u00bb|700|||||||\u00a0\u00bb link_text_color=\u00a0\u00bb#ffffff\u00a0\u00bb header_2_text_align=\u00a0\u00bbleft\u00a0\u00bb header_2_font_size=\u00a0\u00bb30px\u00a0\u00bb header_2_line_height=\u00a0\u00bb1.5em\u00a0\u00bb background_layout=\u00a0\u00bbdark\u00a0\u00bb width=\u00a0\u00bb103.9%\u00a0\u00bb custom_margin=\u00a0\u00bb20px|-56px|||false|false\u00a0\u00bb custom_margin_tablet=\u00a0\u00bb\u00a0\u00bb custom_margin_phone=\u00a0\u00bb\u00a0\u00bb custom_margin_last_edited=\u00a0\u00bbon|phone\u00a0\u00bb custom_padding=\u00a0\u00bb|48px|0px|||\u00a0\u00bb hover_enabled=\u00a0\u00bb0&Prime; sticky_enabled=\u00a0\u00bb0&Prime;]<\/p>\n<h2>Nous sommes responsables d\u2019une famille de 15 agences de sant\u00e9 et de services \u00e0 la personne o\u00f9, chaque jour, plus de 7 000 personnes de toutes confessions, traditions et cultures font une diff\u00e9rence dans la vie de ceux qui franchissent nos portes en temps de besoin.<\/h2>\n<p>[\/et_pb_text][\/et_pb_column][et_pb_column type=\u00a0\u00bb2_5&Prime; _builder_version=\u00a0\u00bb4.4.7&Prime;][et_pb_text _builder_version=\u00a0\u00bb4.6.0&Prime; text_font=\u00a0\u00bbOpen Sans||||||||\u00a0\u00bb text_text_color=\u00a0\u00bb#ffffff\u00a0\u00bb link_font=\u00a0\u00bb|700|||||||\u00a0\u00bb link_text_color=\u00a0\u00bb#ffffff\u00a0\u00bb header_2_text_align=\u00a0\u00bbleft\u00a0\u00bb header_2_font_size=\u00a0\u00bb30px\u00a0\u00bb header_2_line_height=\u00a0\u00bb1.5em\u00a0\u00bb background_layout=\u00a0\u00bbdark\u00a0\u00bb custom_margin=\u00a0\u00bb35px||||false|false\u00a0\u00bb custom_margin_tablet=\u00a0\u00bb\u00a0\u00bb custom_margin_phone=\u00a0\u00bb\u00a0\u00bb custom_margin_last_edited=\u00a0\u00bbon|phone\u00a0\u00bb]<\/p>\n<h2><\/h2>\n<hr \/>\n<p>Nous reconnaissons que le travail que nous faisons se d\u00e9roule sur le territoire traditionnel des peuples Anishinaabeg, Cri, Oji-Cri, Dakota, D\u00e9n\u00e9, Inninnowuk, Saulteaux et sur la terre natale de la Nation m\u00e9tisse. Pour en savoir plus sur notre engagement \u00e0 l&rsquo;\u00e9gard de la r\u00e9conciliation, veuillez <a href=\"https:\/\/compassionaction.thedev.ca\/fr\/reconciliation\/\">cliquez ici.<\/a><\/p>\n<p>[\/et_pb_text][\/et_pb_column][\/et_pb_row][\/et_pb_section][et_pb_section fb_built=\u00a0\u00bb1&Prime; _builder_version=\u00a0\u00bb4.4.7&Prime; custom_padding=\u00a0\u00bb35px||3px|||\u00a0\u00bb top_divider_height=\u00a0\u00bb90px\u00a0\u00bb top_divider_flip=\u00a0\u00bbhorizontal|vertical\u00a0\u00bb][et_pb_row _builder_version=\u00a0\u00bb4.4.7&Prime; custom_margin=\u00a0\u00bb||20px||false|false\u00a0\u00bb custom_margin_tablet=\u00a0\u00bb||20px||false|false\u00a0\u00bb custom_margin_phone=\u00a0\u00bb\u00a0\u00bb custom_margin_last_edited=\u00a0\u00bbon|phone\u00a0\u00bb custom_padding=\u00a0\u00bb0px|||||\u00a0\u00bb][et_pb_column type=\u00a0\u00bb4_4&Prime; _builder_version=\u00a0\u00bb4.4.7&Prime;][et_pb_text _builder_version=\u00a0\u00bb4.4.7&Prime; text_font=\u00a0\u00bbFontin Bold||||||||\u00a0\u00bb text_text_color=\u00a0\u00bb#555658&Prime; header_text_color=\u00a0\u00bb#555658&Prime; header_2_text_color=\u00a0\u00bb#555658&Prime; header_2_font_size=\u00a0\u00bb30px\u00a0\u00bb header_2_line_height=\u00a0\u00bb1.5em\u00a0\u00bb custom_margin=\u00a0\u00bb20px||||false|false\u00a0\u00bb]<\/p>\n<h2>Nouvelles r\u00e9centes<\/h2>\n<hr>\n<p>[\/et_pb_text][et_pb_code _builder_version=\u00a0\u00bb4.4.7&Prime;][\/et_pb_code][\/et_pb_column][\/et_pb_row][et_pb_row column_structure=\u00a0\u00bb1_2,1_2&Prime; _builder_version=\u00a0\u00bb4.6.0&Prime; _module_preset=\u00a0\u00bbdefault\u00a0\u00bb][et_pb_column type=\u00a0\u00bb1_2&Prime; _builder_version=\u00a0\u00bb4.6.0&Prime; _module_preset=\u00a0\u00bbdefault\u00a0\u00bb][et_pb_blog fullwidth=\u00a0\u00bboff\u00a0\u00bb posts_number=\u00a0\u00bb1&Prime; include_categories=\u00a0\u00bball\u00a0\u00bb excerpt_length=\u00a0\u00bb100&Prime; show_more=\u00a0\u00bbon\u00a0\u00bb show_author=\u00a0\u00bboff\u00a0\u00bb show_categories=\u00a0\u00bboff\u00a0\u00bb show_pagination=\u00a0\u00bboff\u00a0\u00bb _builder_version=\u00a0\u00bb4.6.0&Prime; _module_preset=\u00a0\u00bbdefault\u00a0\u00bb][\/et_pb_blog][\/et_pb_column][et_pb_column type=\u00a0\u00bb1_2&Prime; _builder_version=\u00a0\u00bb4.6.0&Prime; _module_preset=\u00a0\u00bbdefault\u00a0\u00bb][et_pb_blog fullwidth=\u00a0\u00bboff\u00a0\u00bb posts_number=\u00a0\u00bb1&Prime; include_categories=\u00a0\u00bball\u00a0\u00bb excerpt_length=\u00a0\u00bb100&Prime; show_more=\u00a0\u00bbon\u00a0\u00bb show_author=\u00a0\u00bboff\u00a0\u00bb show_categories=\u00a0\u00bboff\u00a0\u00bb show_pagination=\u00a0\u00bboff\u00a0\u00bb offset_number=\u00a0\u00bb-1&Prime; _builder_version=\u00a0\u00bb4.6.0&Prime; _module_preset=\u00a0\u00bbdefault\u00a0\u00bb][\/et_pb_blog][\/et_pb_column][\/et_pb_row][et_pb_row column_structure=\u00a0\u00bb1_2,1_2&Prime; _builder_version=\u00a0\u00bb4.6.0&Prime; _module_preset=\u00a0\u00bbdefault\u00a0\u00bb][et_pb_column type=\u00a0\u00bb1_2&Prime; _builder_version=\u00a0\u00bb4.6.0&Prime; _module_preset=\u00a0\u00bbdefault\u00a0\u00bb][et_pb_blog fullwidth=\u00a0\u00bboff\u00a0\u00bb posts_number=\u00a0\u00bb1&Prime; include_categories=\u00a0\u00bball\u00a0\u00bb excerpt_length=\u00a0\u00bb100&Prime; show_more=\u00a0\u00bbon\u00a0\u00bb show_author=\u00a0\u00bboff\u00a0\u00bb show_categories=\u00a0\u00bboff\u00a0\u00bb show_pagination=\u00a0\u00bboff\u00a0\u00bb offset_number=\u00a0\u00bb-2&Prime; _builder_version=\u00a0\u00bb4.6.0&Prime; _module_preset=\u00a0\u00bbdefault\u00a0\u00bb][\/et_pb_blog][\/et_pb_column][et_pb_column type=\u00a0\u00bb1_2&Prime; _builder_version=\u00a0\u00bb4.6.0&Prime; _module_preset=\u00a0\u00bbdefault\u00a0\u00bb][et_pb_blog fullwidth=\u00a0\u00bboff\u00a0\u00bb posts_number=\u00a0\u00bb1&Prime; include_categories=\u00a0\u00bball\u00a0\u00bb excerpt_length=\u00a0\u00bb100&Prime; show_more=\u00a0\u00bbon\u00a0\u00bb show_author=\u00a0\u00bboff\u00a0\u00bb show_categories=\u00a0\u00bboff\u00a0\u00bb show_pagination=\u00a0\u00bboff\u00a0\u00bb offset_number=\u00a0\u00bb-3&Prime; _builder_version=\u00a0\u00bb4.6.0&Prime; _module_preset=\u00a0\u00bbdefault\u00a0\u00bb][\/et_pb_blog][\/et_pb_column][\/et_pb_row][et_pb_row _builder_version=\u00a0\u00bb4.6.0&Prime; _module_preset=\u00a0\u00bbdefault\u00a0\u00bb][et_pb_column type=\u00a0\u00bb4_4&Prime; _builder_version=\u00a0\u00bb4.6.0&Prime; _module_preset=\u00a0\u00bbdefault\u00a0\u00bb][et_pb_button button_url=\u00a0\u00bb\/fr\/nouvelles\/\u00a0\u00bb button_text=\u00a0\u00bbCliquez ici pour plus de nouvelles\u00a0\u00bb button_alignment=\u00a0\u00bbcenter\u00a0\u00bb _builder_version=\u00a0\u00bb4.6.0&Prime; _module_preset=\u00a0\u00bbdefault\u00a0\u00bb][\/et_pb_button][\/et_pb_column][\/et_pb_row][\/et_pb_section][et_pb_section fb_built=\u00a0\u00bb1&Prime; _builder_version=\u00a0\u00bb4.6.0&Prime; _module_preset=\u00a0\u00bbdefault\u00a0\u00bb background_color=\u00a0\u00bb#b92727&Prime; background_color_gradient_start=\u00a0\u00bbrgba(0,0,0,0)\u00a0\u00bb background_color_gradient_end=\u00a0\u00bbrgba(0,0,0,0)\u00a0\u00bb background_last_edited=\u00a0\u00bboff|desktop\u00a0\u00bb background__hover_enabled=\u00a0\u00bboff|desktop\u00a0\u00bb][et_pb_row column_structure=\u00a0\u00bb1_2,1_2&Prime; _builder_version=\u00a0\u00bb4.6.0&Prime; _module_preset=\u00a0\u00bbdefault\u00a0\u00bb border_color_right=\u00a0\u00bbrgba(0,0,0,0)\u00a0\u00bb border_color_left=\u00a0\u00bbrgba(0,0,0,0)\u00a0\u00bb][et_pb_column type=\u00a0\u00bb1_2&Prime; _builder_version=\u00a0\u00bb4.6.0&Prime; _module_preset=\u00a0\u00bbdefault\u00a0\u00bb border_width_left=\u00a0\u00bb2px\u00a0\u00bb border_color_left=\u00a0\u00bb#ffffff\u00a0\u00bb][et_pb_text _builder_version=\u00a0\u00bb4.6.0&Prime; _module_preset=\u00a0\u00bbdefault\u00a0\u00bb header_2_text_color=\u00a0\u00bb#ffffff\u00a0\u00bb custom_padding=\u00a0\u00bb|||50px|false|false\u00a0\u00bb]<\/p>\n<h2>Vous cherchez une formation ?<\/h2>\n<p>[\/et_pb_text][et_pb_button button_url=\u00a0\u00bb\/fr\/apprenez\/opportunites-deducation-et-de-formation\/\u00a0\u00bb button_text=\u00a0\u00bbCliquez ici\u00a0\u00bb _builder_version=\u00a0\u00bb4.6.0&Prime; _module_preset=\u00a0\u00bbdefault\u00a0\u00bb background_layout=\u00a0\u00bbdark\u00a0\u00bb custom_margin=\u00a0\u00bb50px|||50px|false|false\u00a0\u00bb custom_padding=\u00a0\u00bb||||false|false\u00a0\u00bb][\/et_pb_button][\/et_pb_column][et_pb_column type=\u00a0\u00bb1_2&Prime; _builder_version=\u00a0\u00bb4.6.0&Prime; _module_preset=\u00a0\u00bbdefault\u00a0\u00bb border_width_left=\u00a0\u00bb2px\u00a0\u00bb border_color_left=\u00a0\u00bb#ffffff\u00a0\u00bb][et_pb_text _builder_version=\u00a0\u00bb4.6.0&Prime; _module_preset=\u00a0\u00bbdefault\u00a0\u00bb header_text_color=\u00a0\u00bb#ffffff\u00a0\u00bb header_2_text_color=\u00a0\u00bb#ffffff\u00a0\u00bb header_2_line_height=\u00a0\u00bb1.3em\u00a0\u00bb custom_margin=\u00a0\u00bb|||50px|false|false\u00a0\u00bb]<\/p>\n<h2>Rejoignez notre cercle de m\u00e9ditation les mardis \u00e0 12 h 05.<\/h2>\n<p>[\/et_pb_text][et_pb_button button_url=\u00a0\u00bbhttps:\/\/us02web.zoom.us\/j\/5824298161#success\u00a0\u00bb url_new_window=\u00a0\u00bbon\u00a0\u00bb button_text=\u00a0\u00bbCliquez ici\u00a0\u00bb _builder_version=\u00a0\u00bb4.6.0&Prime; _module_preset=\u00a0\u00bbdefault\u00a0\u00bb background_layout=\u00a0\u00bbdark\u00a0\u00bb custom_margin=\u00a0\u00bb|||50px|false|false\u00a0\u00bb][\/et_pb_button][\/et_pb_column][\/et_pb_row][\/et_pb_section][et_pb_section fb_built=\u00a0\u00bb1&Prime; _builder_version=\u00a0\u00bb4.4.7&Prime; use_background_color_gradient=\u00a0\u00bboff\u00a0\u00bb custom_padding=\u00a0\u00bb0px||0px|||\u00a0\u00bb][et_pb_row column_structure=\u00a0\u00bb1_2,1_2&Prime; use_custom_gutter=\u00a0\u00bbon\u00a0\u00bb gutter_width=\u00a0\u00bb1&Prime; make_equal=\u00a0\u00bbon\u00a0\u00bb disabled_on=\u00a0\u00bboff|off|off\u00a0\u00bb module_class=\u00a0\u00bbhome-header et_pb_row_fullwidth\u00a0\u00bb _builder_version=\u00a0\u00bb4.6.0&Prime; width=\u00a0\u00bb100%\u00a0\u00bb width_tablet=\u00a0\u00bb100%\u00a0\u00bb width_phone=\u00a0\u00bb\u00a0\u00bb width_last_edited=\u00a0\u00bbon|desktop\u00a0\u00bb max_width=\u00a0\u00bb100%\u00a0\u00bb max_width_tablet=\u00a0\u00bb100%\u00a0\u00bb max_width_phone=\u00a0\u00bb\u00a0\u00bb max_width_last_edited=\u00a0\u00bbon|desktop\u00a0\u00bb custom_padding=\u00a0\u00bb0px||0px|||\u00a0\u00bb make_fullwidth=\u00a0\u00bbon\u00a0\u00bb][et_pb_column type=\u00a0\u00bb1_2&Prime; module_class=\u00a0\u00bbhome-header-col1&Prime; _builder_version=\u00a0\u00bb4.4.7&Prime; background_color=\u00a0\u00bb#e6f0f5&Prime; background_enable_image=\u00a0\u00bboff\u00a0\u00bb custom_padding=\u00a0\u00bb|||\u00a0\u00bb custom_padding__hover=\u00a0\u00bb|||\u00a0\u00bb][et_pb_signup mailchimp_list=\u00a0\u00bbR\u00e9seau Compassion Network|a4aed6dc7e\u00a0\u00bb name_field=\u00a0\u00bbon\u00a0\u00bb use_custom_fields=\u00a0\u00bbon\u00a0\u00bb success_message=\u00a0\u00bbMerci de vous \u00eatre abonn\u00e9 !\u00a0\u00bb title=\u00a0\u00bbRestez connect\u00e9\u00a0\u00bb button_text=\u00a0\u00bbS&rsquo;abonner\u00a0\u00bb description=\u00a0\u00bb<\/p>\n<hr \/>\n<p>Ne manquez pas les mises \u00e0 jours au sujet de nos \u00e9v\u00e8nements et de nos nouveaux projets. Abonnez-vous d\u00e8s aujourd&rsquo;hui \u00e0 notre bulletin d&rsquo;information Compassion en Action!<\/p>\n<p>\u00a0\u00bb use_spam_service=\u00a0\u00bbon\u00a0\u00bb recaptcha_list=\u00a0\u00bbR\u00e9seau compassion network (DR)-0&Prime; disabled_on=\u00a0\u00bboff|off|off\u00a0\u00bb _builder_version=\u00a0\u00bb4.5.6&Prime; form_field_background_color=\u00a0\u00bb#006da5&Prime; form_field_text_color=\u00a0\u00bb#ffffff\u00a0\u00bb form_field_focus_background_color=\u00a0\u00bbrgba(230,240,245,0.17)\u00a0\u00bb header_text_align=\u00a0\u00bbleft\u00a0\u00bb header_font_size=\u00a0\u00bb30px\u00a0\u00bb header_line_height=\u00a0\u00bb1.5em\u00a0\u00bb form_field_text_align=\u00a0\u00bbleft\u00a0\u00bb form_field_font_size=\u00a0\u00bb16px\u00a0\u00bb background_color=\u00a0\u00bb#006da5&Prime; custom_button=\u00a0\u00bbon\u00a0\u00bb button_text_size=\u00a0\u00bb16px\u00a0\u00bb button_bg_color=\u00a0\u00bbrgba(230,240,245,0.11)\u00a0\u00bb button_border_width=\u00a0\u00bb0px\u00a0\u00bb button_font=\u00a0\u00bb|600|on||||||\u00a0\u00bb button_use_icon=\u00a0\u00bboff\u00a0\u00bb max_width=\u00a0\u00bb60%\u00a0\u00bb max_width_tablet=\u00a0\u00bb100%\u00a0\u00bb max_width_phone=\u00a0\u00bb\u00a0\u00bb max_width_last_edited=\u00a0\u00bbon|phone\u00a0\u00bb module_alignment=\u00a0\u00bbcenter\u00a0\u00bb custom_margin=\u00a0\u00bb-50px|100px|50px|100px|false|true\u00a0\u00bb custom_margin_tablet=\u00a0\u00bb|80px||80px|false|true\u00a0\u00bb custom_margin_phone=\u00a0\u00bb|50px|0px|50px|false|true\u00a0\u00bb custom_margin_last_edited=\u00a0\u00bbon|phone\u00a0\u00bb custom_padding=\u00a0\u00bb40px||||false|false\u00a0\u00bb border_width_all_fields=\u00a0\u00bb1px\u00a0\u00bb border_color_all_fields=\u00a0\u00bb#ffffff\u00a0\u00bb][et_pb_signup_custom_field field_id=\u00a0\u00bb12&Prime; field_title=\u00a0\u00bbLangue pr\u00e9f\u00e9r\u00e9e\u00a0\u00bb field_type=\u00a0\u00bbselect\u00a0\u00bb select_options=\u00a0\u00bb%91{%22checked%22:0,%22value%22:%22Anglais%22,%22id%22:0,%22dragID%22:-1},{%22checked%22:0,%22value%22:%22Fran\u00e7ais%22,%22id%22:1,%22dragID%22:0}%93&Prime; _builder_version=\u00a0\u00bb4.4.7&Prime; predefined_field=\u00a0\u00bb12&Prime;][\/et_pb_signup_custom_field][\/et_pb_signup][\/et_pb_column][et_pb_column type=\u00a0\u00bb1_2&Prime; module_class=\u00a0\u00bbhome-header-col2&Prime; _builder_version=\u00a0\u00bb4.6.0&Prime; background_color=\u00a0\u00bbrgba(0,0,0,0)\u00a0\u00bb background_image=\u00a0\u00bbhttps:\/\/compassionaction.thedev.ca\/wp-content\/uploads\/2021\/08\/Mask-Group-7.jpg\u00a0\u00bb custom_padding=\u00a0\u00bb|||\u00a0\u00bb custom_padding__hover=\u00a0\u00bb|||\u00a0\u00bb][\/et_pb_column][\/et_pb_row][\/et_pb_section][et_pb_section fb_built=\u00a0\u00bb1&Prime; _builder_version=\u00a0\u00bb4.4.7&Prime; custom_padding=\u00a0\u00bb||0px|||\u00a0\u00bb bottom_divider_color=\u00a0\u00bb#006699&Prime; bottom_divider_height=\u00a0\u00bb62px\u00a0\u00bb][et_pb_row column_structure=\u00a0\u00bb1_2,1_2&Prime; _builder_version=\u00a0\u00bb4.4.7&Prime;][et_pb_column type=\u00a0\u00bb1_2&Prime; _builder_version=\u00a0\u00bb4.4.7&Prime; background_enable_image=\u00a0\u00bboff\u00a0\u00bb background_size=\u00a0\u00bbcontain\u00a0\u00bb][et_pb_image src=\u00a0\u00bbhttps:\/\/compassionaction.thedev.ca\/wp-content\/uploads\/2021\/08\/Group-7.png\u00a0\u00bb alt=\u00a0\u00bbnurse and woman\u00a0\u00bb title_text=\u00a0\u00bbGroup 7&Prime; align=\u00a0\u00bbcenter\u00a0\u00bb _builder_version=\u00a0\u00bb4.6.0&Prime; transform_scale_tablet=\u00a0\u00bb\u00a0\u00bb transform_scale_phone=\u00a0\u00bb\u00a0\u00bb transform_scale_last_edited=\u00a0\u00bbon|desktop\u00a0\u00bb transform_translate=\u00a0\u00bb0px|75px\u00a0\u00bb transform_translate_tablet=\u00a0\u00bb0px|0px\u00a0\u00bb transform_translate_phone=\u00a0\u00bb\u00a0\u00bb transform_translate_last_edited=\u00a0\u00bbon|phone\u00a0\u00bb transform_translate_linked=\u00a0\u00bboff\u00a0\u00bb transform_rotate_tablet=\u00a0\u00bb\u00a0\u00bb transform_rotate_phone=\u00a0\u00bb\u00a0\u00bb transform_rotate_last_edited=\u00a0\u00bbon|desktop\u00a0\u00bb transform_skew_tablet=\u00a0\u00bb\u00a0\u00bb transform_skew_phone=\u00a0\u00bb\u00a0\u00bb transform_skew_last_edited=\u00a0\u00bbon|desktop\u00a0\u00bb transform_origin_tablet=\u00a0\u00bb\u00a0\u00bb transform_origin_phone=\u00a0\u00bb\u00a0\u00bb transform_origin_last_edited=\u00a0\u00bbon|desktop\u00a0\u00bb transform_styles_last_edited=\u00a0\u00bbon|phone\u00a0\u00bb transform_styles_tablet=\u00a0\u00bb\u00a0\u00bb transform_styles_phone=\u00a0\u00bb\u00a0\u00bb][\/et_pb_image][\/et_pb_column][et_pb_column type=\u00a0\u00bb1_2&Prime; _builder_version=\u00a0\u00bb4.4.7&Prime;][et_pb_text _builder_version=\u00a0\u00bb4.4.9&Prime; header_2_text_align=\u00a0\u00bbleft\u00a0\u00bb header_2_text_color=\u00a0\u00bb#555658&Prime; header_2_font_size=\u00a0\u00bb30px\u00a0\u00bb header_2_line_height=\u00a0\u00bb1.5em\u00a0\u00bb]<\/p>\n<h2>Derniers postes<\/h2>\n<p style=\"line-height:1.3em !important; margin-top: -10px; margin-bottom: 15px; font-size: 14px;\"><i>Cliquez \u00ab Lire plus \u00bb pour voir le contenu en fran\u00e7ais<\/i><\/p>\n<hr>\n<p>[\/et_pb_text][et_pb_text _builder_version=\u00a0\u00bb4.5.7&Prime; custom_padding=\u00a0\u00bb||50px||false|false\u00a0\u00bb]<\/p>\n<div class=\"cff-wrapper\"><div class=\"cff-wrapper-ctn \"  style=\"padding:0%;\" ><div id=\"cff\"  class=\"cff cff-list-container cff-date-fr cff-default-styles  cff-mob-cols-1 cff-tab-cols-1\"   style=\"width:100%;\"   data-char=\"90\" ><div class=\"cff-posts-wrap\"><div id=\"cff_108204950827874_1371586595127747\" class=\"cff-item cff-link-item author-r-seau-compassion-network\"  style=\"border-bottom: 1px solid #cc3333;\">\r\n\t<div class=\"cff-author\">\r\n\t<div class=\"cff-author-text\">\r\n\t\t\t\t\t<div class=\"cff-page-name cff-author-date\" >\r\n\t\t\t\t<a href=\"https:\/\/facebook.com\/108204950827874\" target=\"_blank\" rel=\"nofollow noopener\" >R\u00e9seau Compassion Network<\/a>\r\n\t\t\t\t<span class=\"cff-story\">  a mis \u00e0 jour son statut.<\/span>\r\n\t\t\t<\/div>\r\n\t\t\t\r\n<p class=\"cff-date\" > 8 hours ago <\/p>\t\t\t<\/div>\r\n\t<div class=\"cff-author-img \" data-avatar=\"https:\/\/scontent-yyz1-1.xx.fbcdn.net\/v\/t39.30808-1\/348232336_968186037643782_3614205196592774991_n.png?stp=c254.0.312.312a_cp0_dst-png_s50x50&#038;_nc_cat=100&#038;ccb=1-7&#038;_nc_sid=f907e8&#038;_nc_ohc=JFz5Eji7j3oQ7kNvwHwjF_w&#038;_nc_oc=AdpI8yO1ZVxJxytJcotEMNQArcDHuA8xlCACZ0fTHHcZFAsUB6VcnIGA56pwW9prQxU&#038;_nc_zt=24&#038;_nc_ht=scontent-yyz1-1.xx&#038;edm=AKIiGfEEAAAA&#038;_nc_gid=PAAxsUgc6RgNq0IGKmb-LA&#038;_nc_tpa=Q5bMBQIKdRFxbQj1EXw3ztTrQVKpUaIyzV0GpNwe-Xp3soDXiVa-LlxbRthgf0zFNt3xbPN4rsXLuDfXMg&#038;oh=00_AQKm4dwozm_1zcsovIRmyZG83ZSoRl5kXzy-nACRuJ-g-A&#038;oe=6AA1D619\">\r\n\t\t<a href=\"https:\/\/facebook.com\/108204950827874\" target=\"_blank\" rel=\"nofollow noopener\" ><img src=\"https:\/\/scontent-yyz1-1.xx.fbcdn.net\/v\/t39.30808-1\/348232336_968186037643782_3614205196592774991_n.png?stp=c254.0.312.312a_cp0_dst-png_s50x50&#038;_nc_cat=100&#038;ccb=1-7&#038;_nc_sid=f907e8&#038;_nc_ohc=JFz5Eji7j3oQ7kNvwHwjF_w&#038;_nc_oc=AdpI8yO1ZVxJxytJcotEMNQArcDHuA8xlCACZ0fTHHcZFAsUB6VcnIGA56pwW9prQxU&#038;_nc_zt=24&#038;_nc_ht=scontent-yyz1-1.xx&#038;edm=AKIiGfEEAAAA&#038;_nc_gid=PAAxsUgc6RgNq0IGKmb-LA&#038;_nc_tpa=Q5bMBQIKdRFxbQj1EXw3ztTrQVKpUaIyzV0GpNwe-Xp3soDXiVa-LlxbRthgf0zFNt3xbPN4rsXLuDfXMg&#038;oh=00_AQKm4dwozm_1zcsovIRmyZG83ZSoRl5kXzy-nACRuJ-g-A&#038;oe=6AA1D619\" alt=\"R\u00e9seau Compassion Network\" width=40 height=40 onerror=\"this.style.display='none'\"><\/a>\r\n\t<\/div>\r\n<\/div>\r\n<div class=\"cff-post-links\">\r\n\t\t\t<a class=\"cff-viewpost-facebook\" href=\"https:\/\/www.facebook.com\/108204950827874\/posts\/1371586595127747\" target=\"_blank\" rel=\"nofollow noopener\" >Voir sur Facebook<\/a>\r\n\t\t\t\t<div class=\"cff-share-container\">\r\n\t\t\t\t\t\t\t<span class=\"cff-dot\" >&middot;<\/span>\r\n\t\t\t\t<a class=\"cff-share-link\" href=\"https:\/\/www.facebook.com\/sharer\/sharer.php?u=https%3A%2F%2Fwww.facebook.com%2F108204950827874%2Fposts%2F1371586595127747\" >Partager<\/a>\r\n\t\t\t\t<p class=\"cff-share-tooltip\">\r\n\t\t\t\t\t\t\t\t\t\t\t<a href=\"https:\/\/www.facebook.com\/sharer\/sharer.php?u=https%3A%2F%2Fwww.facebook.com%2F108204950827874%2Fposts%2F1371586595127747\" target=\"_blank\" class=\"cff-facebook-icon\">\r\n\t\t\t\t\t\t\t<span class=\"fa fab fa-facebook-square\" aria-hidden=\"true\"><\/span>\r\n\t\t\t\t\t\t\t<span class=\"cff-screenreader\">Share on Facebook<\/span>\r\n\t\t\t\t\t\t<\/a>\r\n\t\t\t\t\t\t\t\t\t\t\t<a href=\"https:\/\/twitter.com\/intent\/tweet?text=https%3A%2F%2Fwww.facebook.com%2F108204950827874%2Fposts%2F1371586595127747\" target=\"_blank\" class=\"cff-twitter-icon\">\r\n\t\t\t\t\t\t\t<span class=\"fa fab fa-twitter\" aria-hidden=\"true\"><\/span>\r\n\t\t\t\t\t\t\t<span class=\"cff-screenreader\">Share on Twitter<\/span>\r\n\t\t\t\t\t\t<\/a>\r\n\t\t\t\t\t\t\t\t\t\t\t<a href=\"https:\/\/www.linkedin.com\/shareArticle?mini=true&#038;url=https%3A%2F%2Fwww.facebook.com%2F108204950827874%2Fposts%2F1371586595127747&#038;title=\" target=\"_blank\" class=\"cff-linkedin-icon\">\r\n\t\t\t\t\t\t\t<span class=\"fa fab fa-linkedin\" aria-hidden=\"true\"><\/span>\r\n\t\t\t\t\t\t\t<span class=\"cff-screenreader\">Share on Linked In<\/span>\r\n\t\t\t\t\t\t<\/a>\r\n\t\t\t\t\t\t\t\t\t\t\t<a href=\"mailto:?subject=Facebook&#038;body=https%3A%2F%2Fwww.facebook.com%2F108204950827874%2Fposts%2F1371586595127747%20-%20\" target=\"_blank\" class=\"cff-email-icon\">\r\n\t\t\t\t\t\t\t<span class=\"fa fab fa-envelope\" aria-hidden=\"true\"><\/span>\r\n\t\t\t\t\t\t\t<span class=\"cff-screenreader\">Share by Email<\/span>\r\n\t\t\t\t\t\t<\/a>\r\n\t\t\t\t\t\t\t\t\t<\/p>\r\n\t\t\t\t\t<\/div>\r\n\t<\/div>\r\n<\/div>\r\n\r\n\r\n\r\n<div id=\"cff_108204950827874_1369517385334668\" class=\"cff-item cff-photo-post author-r-seau-compassion-network\"  style=\"border-bottom: 1px solid #cc3333;\">\r\n\t<div class=\"cff-author\">\r\n\t<div class=\"cff-author-text\">\r\n\t\t\t\t\t<div class=\"cff-page-name cff-author-date\" >\r\n\t\t\t\t<a href=\"https:\/\/facebook.com\/108204950827874\" target=\"_blank\" rel=\"nofollow noopener\" >R\u00e9seau Compassion Network<\/a>\r\n\t\t\t\t<span class=\"cff-story\"> <\/span>\r\n\t\t\t<\/div>\r\n\t\t\t\r\n<p class=\"cff-date\" > 3 days ago <\/p>\t\t\t<\/div>\r\n\t<div class=\"cff-author-img \" data-avatar=\"https:\/\/scontent-yyz1-1.xx.fbcdn.net\/v\/t39.30808-1\/348232336_968186037643782_3614205196592774991_n.png?stp=c254.0.312.312a_cp0_dst-png_s50x50&#038;_nc_cat=100&#038;ccb=1-7&#038;_nc_sid=f907e8&#038;_nc_ohc=JFz5Eji7j3oQ7kNvwHwjF_w&#038;_nc_oc=AdpI8yO1ZVxJxytJcotEMNQArcDHuA8xlCACZ0fTHHcZFAsUB6VcnIGA56pwW9prQxU&#038;_nc_zt=24&#038;_nc_ht=scontent-yyz1-1.xx&#038;edm=AKIiGfEEAAAA&#038;_nc_gid=PAAxsUgc6RgNq0IGKmb-LA&#038;_nc_tpa=Q5bMBQIKdRFxbQj1EXw3ztTrQVKpUaIyzV0GpNwe-Xp3soDXiVa-LlxbRthgf0zFNt3xbPN4rsXLuDfXMg&#038;oh=00_AQKm4dwozm_1zcsovIRmyZG83ZSoRl5kXzy-nACRuJ-g-A&#038;oe=6AA1D619\">\r\n\t\t<a href=\"https:\/\/facebook.com\/108204950827874\" target=\"_blank\" rel=\"nofollow noopener\" ><img src=\"https:\/\/scontent-yyz1-1.xx.fbcdn.net\/v\/t39.30808-1\/348232336_968186037643782_3614205196592774991_n.png?stp=c254.0.312.312a_cp0_dst-png_s50x50&#038;_nc_cat=100&#038;ccb=1-7&#038;_nc_sid=f907e8&#038;_nc_ohc=JFz5Eji7j3oQ7kNvwHwjF_w&#038;_nc_oc=AdpI8yO1ZVxJxytJcotEMNQArcDHuA8xlCACZ0fTHHcZFAsUB6VcnIGA56pwW9prQxU&#038;_nc_zt=24&#038;_nc_ht=scontent-yyz1-1.xx&#038;edm=AKIiGfEEAAAA&#038;_nc_gid=PAAxsUgc6RgNq0IGKmb-LA&#038;_nc_tpa=Q5bMBQIKdRFxbQj1EXw3ztTrQVKpUaIyzV0GpNwe-Xp3soDXiVa-LlxbRthgf0zFNt3xbPN4rsXLuDfXMg&#038;oh=00_AQKm4dwozm_1zcsovIRmyZG83ZSoRl5kXzy-nACRuJ-g-A&#038;oe=6AA1D619\" alt=\"R\u00e9seau Compassion Network\" width=40 height=40 onerror=\"this.style.display='none'\"><\/a>\r\n\t<\/div>\r\n<\/div>\r\n\r\n<div class=\"cff-post-text\" >\r\n\t<span class=\"cff-text\" data-color=\"\">\r\n\t\tAs we head towards the new rhythms of Fall, we invite you to a morning of contemplative practices. Join us for some quiet time, some time to connect inward, and to find the self-compassion to continue your day with more space for yourself and others.<img class=\"cff-linebreak\" \/><img class=\"cff-linebreak\" \/>Saturday, September 12 \u2022 8:00am to 12:00pm<img class=\"cff-linebreak\" \/><img class=\"cff-linebreak\" \/>This retreat is free of charge, and hosted in St. Boniface. We'd love to see you there. Registration is limited, please click here:<img class=\"cff-linebreak\" \/><img class=\"cff-linebreak\" \/><a href=\"https:\/\/reseaucompassionnetwork.ca\/eventscalendar\/monthly-retreat-sept-26\/\" rel='nofollow noopener noreferrer'>reseaucompassionnetwork.ca\/eventscalendar\/monthly-retreat-sept-26\/<\/a><img class=\"cff-linebreak\" \/>\u2022\u2022\u2022<img class=\"cff-linebreak\" \/>Alors que nous entrons dans le rythme de l'automne, nous vous invitons \u00e0 une matin\u00e9e consacr\u00e9e aux pratiques contemplatives. Rejoignez-nous pour profiter d'un moment de calme, vous recentrer sur vous-m\u00eame et trouver la compassion n\u00e9cessaire pour aborder le reste de votre journ\u00e9e avec plus d'ouverture d'esprit, tant envers vous-m\u00eame qu'envers les autres.<img class=\"cff-linebreak\" \/><img class=\"cff-linebreak\" \/>Samedi 12 septembre \u2022 de 8 h \u00e0 12 h<img class=\"cff-linebreak\" \/><img class=\"cff-linebreak\" \/>Cette retraite est gratuite et se d\u00e9roule \u00e0 Saint-Boniface. Nous serions ravis de vous y accueillir. Le nombre de places \u00e9tant limit\u00e9, veuillez cliquer ici pour plus d'informations :<img class=\"cff-linebreak\" \/><img class=\"cff-linebreak\" \/><a href=\"https:\/\/reseaucompassionnetwork.ca\/fr\/eventscalendar\/retraite-mensuel-sept\/\" rel='nofollow noopener noreferrer'>reseaucompassionnetwork.ca\/fr\/eventscalendar\/retraite-mensuel-sept\/<\/a>\t\t\t<\/span>\r\n\t<span class=\"cff-expand\">... <a href=\"#\" style=\"color: #\"><span class=\"cff-more\">See More<\/span><span class=\"cff-less\">See Less<\/span><\/a><\/span>\r\n\r\n<\/div>\r\n\r\n<div class=\"cff-post-links\">\r\n\t\t\t<a class=\"cff-viewpost-facebook\" href=\"https:\/\/www.facebook.com\/photo.php?fbid=1369517345334672&#038;set=a.560149589604789&#038;type=3\" target=\"_blank\" rel=\"nofollow noopener\" >Voir sur Facebook<\/a>\r\n\t\t\t\t<div class=\"cff-share-container\">\r\n\t\t\t\t\t\t\t<span class=\"cff-dot\" >&middot;<\/span>\r\n\t\t\t\t<a class=\"cff-share-link\" href=\"https:\/\/www.facebook.com\/sharer\/sharer.php?u=https%3A%2F%2Fwww.facebook.com%2Fphoto.php%3Ffbid%3D1369517345334672%26amp%3Bset%3Da.560149589604789%26amp%3Btype%3D3\" >Partager<\/a>\r\n\t\t\t\t<p class=\"cff-share-tooltip\">\r\n\t\t\t\t\t\t\t\t\t\t\t<a href=\"https:\/\/www.facebook.com\/sharer\/sharer.php?u=https%3A%2F%2Fwww.facebook.com%2Fphoto.php%3Ffbid%3D1369517345334672%26amp%3Bset%3Da.560149589604789%26amp%3Btype%3D3\" target=\"_blank\" class=\"cff-facebook-icon\">\r\n\t\t\t\t\t\t\t<span class=\"fa fab fa-facebook-square\" aria-hidden=\"true\"><\/span>\r\n\t\t\t\t\t\t\t<span class=\"cff-screenreader\">Share on Facebook<\/span>\r\n\t\t\t\t\t\t<\/a>\r\n\t\t\t\t\t\t\t\t\t\t\t<a href=\"https:\/\/twitter.com\/intent\/tweet?text=https%3A%2F%2Fwww.facebook.com%2Fphoto.php%3Ffbid%3D1369517345334672%26amp%3Bset%3Da.560149589604789%26amp%3Btype%3D3\" target=\"_blank\" class=\"cff-twitter-icon\">\r\n\t\t\t\t\t\t\t<span class=\"fa fab fa-twitter\" aria-hidden=\"true\"><\/span>\r\n\t\t\t\t\t\t\t<span class=\"cff-screenreader\">Share on Twitter<\/span>\r\n\t\t\t\t\t\t<\/a>\r\n\t\t\t\t\t\t\t\t\t\t\t<a href=\"https:\/\/www.linkedin.com\/shareArticle?mini=true&#038;url=https%3A%2F%2Fwww.facebook.com%2Fphoto.php%3Ffbid%3D1369517345334672%26amp%3Bset%3Da.560149589604789%26amp%3Btype%3D3&#038;title=%09%09%09As%20we%20head%20towards%20the%20new%20rhythms%20of%20Fall%2C%20we%20invite%20you%20to%20a%20morning%20of%20contemplative%20practices.%20Join%20us%20for%20some%20quiet%20time%2C%20some%20time%20to%20connect%20inward%2C%20and%20to%20find%20the%20self-compassion%20to%20continue%20your%20day%20with%20more%20space%20for%20yourself%20and%20others.Saturday%2C%20September%2012%20%E2%80%A2%208%3A00am%20to%2012%3A00pmThis%20retreat%20is%20free%20of%20charge%2C%20and%20hosted%20in%20St.%20Boniface.%20We%27d%20love%20to%20see%20you%20there.%20Registration%20is%20limited%2C%20please%20click%20here%3Areseaucompassionnetwork.ca%2Feventscalendar%2Fmonthly-retreat-sept-26%2F%E2%80%A2%E2%80%A2%E2%80%A2Alors%20que%20nous%20entrons%20dans%20le%20rythme%20de%20l%27automne%2C%20nous%20vous%20invitons%20%C3%A0%20une%20matin%C3%A9e%20consacr%C3%A9e%20aux%20pratiques%20contemplatives.%20Rejoignez-nous%20pour%20profiter%20d%27un%20moment%20de%20calme%2C%20vous%20recentrer%20sur%20vous-m%C3%AAme%20et%20trouver%20la%20compassion%20n%C3%A9cessaire%20pour%20aborder%20le%20reste%20de%20votre%20journ%C3%A9e%20avec%20plus%20d%27ouverture%20d%27esprit%2C%20tant%20envers%20vous-m%C3%AAme%20qu%27envers%20les%20autres.Samedi%2012%20septembre%20%E2%80%A2%20de%208%20h%20%C3%A0%2012%20hCette%20retraite%20est%20gratuite%20et%20se%20d%C3%A9roule%20%C3%A0%20Saint-Boniface.%20Nous%20serions%20ravis%20de%20vous%20y%20accueillir.%20Le%20nombre%20de%20places%20%C3%A9tant%20limit%C3%A9%2C%20veuillez%20cliquer%20ici%20pour%20plus%20d%27informations%20%3Areseaucompassionnetwork.ca%2Ffr%2Feventscalendar%2Fretraite-mensuel-sept%2F%09%09%09%09\" target=\"_blank\" class=\"cff-linkedin-icon\">\r\n\t\t\t\t\t\t\t<span class=\"fa fab fa-linkedin\" aria-hidden=\"true\"><\/span>\r\n\t\t\t\t\t\t\t<span class=\"cff-screenreader\">Share on Linked In<\/span>\r\n\t\t\t\t\t\t<\/a>\r\n\t\t\t\t\t\t\t\t\t\t\t<a href=\"mailto:?subject=Facebook&#038;body=https%3A%2F%2Fwww.facebook.com%2Fphoto.php%3Ffbid%3D1369517345334672%26amp%3Bset%3Da.560149589604789%26amp%3Btype%3D3%20-%20%0D%0A%0D%0A%09%0D%0A%09%09As%20we%20head%20towards%20the%20new%20rhythms%20of%20Fall%2C%20we%20invite%20you%20to%20a%20morning%20of%20contemplative%20practices.%20Join%20us%20for%20some%20quiet%20time%2C%20some%20time%20to%20connect%20inward%2C%20and%20to%20find%20the%20self-compassion%20to%20continue%20your%20day%20with%20more%20space%20for%20yourself%20and%20others.Saturday%2C%20September%2012%20%E2%80%A2%208%3A00am%20to%2012%3A00pmThis%20retreat%20is%20free%20of%20charge%2C%20and%20hosted%20in%20St.%20Boniface.%20We%27d%20love%20to%20see%20you%20there.%20Registration%20is%20limited%2C%20please%20click%20here%3Areseaucompassionnetwork.ca%2Feventscalendar%2Fmonthly-retreat-sept-26%2F%E2%80%A2%E2%80%A2%E2%80%A2Alors%20que%20nous%20entrons%20dans%20le%20rythme%20de%20l%27automne%2C%20nous%20vous%20invitons%20%C3%A0%20une%20matin%C3%A9e%20consacr%C3%A9e%20aux%20pratiques%20contemplatives.%20Rejoignez-nous%20pour%20profiter%20d%27un%20moment%20de%20calme%2C%20vous%20recentrer%20sur%20vous-m%C3%AAme%20et%20trouver%20la%20compassion%20n%C3%A9cessaire%20pour%20aborder%20le%20reste%20de%20votre%20journ%C3%A9e%20avec%20plus%20d%27ouverture%20d%27esprit%2C%20tant%20envers%20vous-m%C3%AAme%20qu%27envers%20les%20autres.Samedi%2012%20septembre%20%E2%80%A2%20de%208%20h%20%C3%A0%2012%20hCette%20retraite%20est%20gratuite%20et%20se%20d%C3%A9roule%20%C3%A0%20Saint-Boniface.%20Nous%20serions%20ravis%20de%20vous%20y%20accueillir.%20Le%20nombre%20de%20places%20%C3%A9tant%20limit%C3%A9%2C%20veuillez%20cliquer%20ici%20pour%20plus%20d%27informations%20%3Areseaucompassionnetwork.ca%2Ffr%2Feventscalendar%2Fretraite-mensuel-sept%2F%09%09%09%0D%0A%09\" target=\"_blank\" class=\"cff-email-icon\">\r\n\t\t\t\t\t\t\t<span class=\"fa fab fa-envelope\" aria-hidden=\"true\"><\/span>\r\n\t\t\t\t\t\t\t<span class=\"cff-screenreader\">Share by Email<\/span>\r\n\t\t\t\t\t\t<\/a>\r\n\t\t\t\t\t\t\t\t\t<\/p>\r\n\t\t\t\t\t<\/div>\r\n\t<\/div>\r\n<\/div>\r\n\r\n\r\n\r\n<div id=\"cff_108204950827874_1367782068841533\" class=\"cff-item cff-link-item author-r-seau-compassion-network\"  style=\"border-bottom: 1px solid #cc3333;\">\r\n\t<div class=\"cff-author\">\r\n\t<div class=\"cff-author-text\">\r\n\t\t\t\t\t<div class=\"cff-page-name cff-author-date\" >\r\n\t\t\t\t<a href=\"https:\/\/facebook.com\/108204950827874\" target=\"_blank\" rel=\"nofollow noopener\" >R\u00e9seau Compassion Network<\/a>\r\n\t\t\t\t<span class=\"cff-story\">  a mis \u00e0 jour son statut.<\/span>\r\n\t\t\t<\/div>\r\n\t\t\t\r\n<p class=\"cff-date\" > 5 days ago <\/p>\t\t\t<\/div>\r\n\t<div class=\"cff-author-img \" data-avatar=\"https:\/\/scontent-yyz1-1.xx.fbcdn.net\/v\/t39.30808-1\/348232336_968186037643782_3614205196592774991_n.png?stp=c254.0.312.312a_cp0_dst-png_s50x50&#038;_nc_cat=100&#038;ccb=1-7&#038;_nc_sid=f907e8&#038;_nc_ohc=JFz5Eji7j3oQ7kNvwHwjF_w&#038;_nc_oc=AdpI8yO1ZVxJxytJcotEMNQArcDHuA8xlCACZ0fTHHcZFAsUB6VcnIGA56pwW9prQxU&#038;_nc_zt=24&#038;_nc_ht=scontent-yyz1-1.xx&#038;edm=AKIiGfEEAAAA&#038;_nc_gid=PAAxsUgc6RgNq0IGKmb-LA&#038;_nc_tpa=Q5bMBQIKdRFxbQj1EXw3ztTrQVKpUaIyzV0GpNwe-Xp3soDXiVa-LlxbRthgf0zFNt3xbPN4rsXLuDfXMg&#038;oh=00_AQKm4dwozm_1zcsovIRmyZG83ZSoRl5kXzy-nACRuJ-g-A&#038;oe=6AA1D619\">\r\n\t\t<a href=\"https:\/\/facebook.com\/108204950827874\" target=\"_blank\" rel=\"nofollow noopener\" ><img src=\"https:\/\/scontent-yyz1-1.xx.fbcdn.net\/v\/t39.30808-1\/348232336_968186037643782_3614205196592774991_n.png?stp=c254.0.312.312a_cp0_dst-png_s50x50&#038;_nc_cat=100&#038;ccb=1-7&#038;_nc_sid=f907e8&#038;_nc_ohc=JFz5Eji7j3oQ7kNvwHwjF_w&#038;_nc_oc=AdpI8yO1ZVxJxytJcotEMNQArcDHuA8xlCACZ0fTHHcZFAsUB6VcnIGA56pwW9prQxU&#038;_nc_zt=24&#038;_nc_ht=scontent-yyz1-1.xx&#038;edm=AKIiGfEEAAAA&#038;_nc_gid=PAAxsUgc6RgNq0IGKmb-LA&#038;_nc_tpa=Q5bMBQIKdRFxbQj1EXw3ztTrQVKpUaIyzV0GpNwe-Xp3soDXiVa-LlxbRthgf0zFNt3xbPN4rsXLuDfXMg&#038;oh=00_AQKm4dwozm_1zcsovIRmyZG83ZSoRl5kXzy-nACRuJ-g-A&#038;oe=6AA1D619\" alt=\"R\u00e9seau Compassion Network\" width=40 height=40 onerror=\"this.style.display='none'\"><\/a>\r\n\t<\/div>\r\n<\/div>\r\n<div class=\"cff-post-links\">\r\n\t\t\t<a class=\"cff-viewpost-facebook\" href=\"https:\/\/www.facebook.com\/108204950827874\/posts\/1367782068841533\" target=\"_blank\" rel=\"nofollow noopener\" >Voir sur Facebook<\/a>\r\n\t\t\t\t<div class=\"cff-share-container\">\r\n\t\t\t\t\t\t\t<span class=\"cff-dot\" >&middot;<\/span>\r\n\t\t\t\t<a class=\"cff-share-link\" href=\"https:\/\/www.facebook.com\/sharer\/sharer.php?u=https%3A%2F%2Fwww.facebook.com%2F108204950827874%2Fposts%2F1367782068841533\" >Partager<\/a>\r\n\t\t\t\t<p class=\"cff-share-tooltip\">\r\n\t\t\t\t\t\t\t\t\t\t\t<a href=\"https:\/\/www.facebook.com\/sharer\/sharer.php?u=https%3A%2F%2Fwww.facebook.com%2F108204950827874%2Fposts%2F1367782068841533\" target=\"_blank\" class=\"cff-facebook-icon\">\r\n\t\t\t\t\t\t\t<span class=\"fa fab fa-facebook-square\" aria-hidden=\"true\"><\/span>\r\n\t\t\t\t\t\t\t<span class=\"cff-screenreader\">Share on Facebook<\/span>\r\n\t\t\t\t\t\t<\/a>\r\n\t\t\t\t\t\t\t\t\t\t\t<a href=\"https:\/\/twitter.com\/intent\/tweet?text=https%3A%2F%2Fwww.facebook.com%2F108204950827874%2Fposts%2F1367782068841533\" target=\"_blank\" class=\"cff-twitter-icon\">\r\n\t\t\t\t\t\t\t<span class=\"fa fab fa-twitter\" aria-hidden=\"true\"><\/span>\r\n\t\t\t\t\t\t\t<span class=\"cff-screenreader\">Share on Twitter<\/span>\r\n\t\t\t\t\t\t<\/a>\r\n\t\t\t\t\t\t\t\t\t\t\t<a href=\"https:\/\/www.linkedin.com\/shareArticle?mini=true&#038;url=https%3A%2F%2Fwww.facebook.com%2F108204950827874%2Fposts%2F1367782068841533&#038;title=\" target=\"_blank\" class=\"cff-linkedin-icon\">\r\n\t\t\t\t\t\t\t<span class=\"fa fab fa-linkedin\" aria-hidden=\"true\"><\/span>\r\n\t\t\t\t\t\t\t<span class=\"cff-screenreader\">Share on Linked In<\/span>\r\n\t\t\t\t\t\t<\/a>\r\n\t\t\t\t\t\t\t\t\t\t\t<a href=\"mailto:?subject=Facebook&#038;body=https%3A%2F%2Fwww.facebook.com%2F108204950827874%2Fposts%2F1367782068841533%20-%20\" target=\"_blank\" class=\"cff-email-icon\">\r\n\t\t\t\t\t\t\t<span class=\"fa fab fa-envelope\" aria-hidden=\"true\"><\/span>\r\n\t\t\t\t\t\t\t<span class=\"cff-screenreader\">Share by Email<\/span>\r\n\t\t\t\t\t\t<\/a>\r\n\t\t\t\t\t\t\t\t\t<\/p>\r\n\t\t\t\t\t<\/div>\r\n\t<\/div>\r\n<\/div>\r\n\r\n\r\n\r\n<\/div><input class=\"cff-pag-url\" type=\"hidden\" data-locatornonce=\"e458225ec9\" data-cff-shortcode=\"{&quot;locale&quot;: &quot;fr_ca&quot;, &quot;beforedate&quot;: &quot;il y a&quot;, &quot;seemoretext&quot;: &quot;Lire plus&quot;, &quot;seelesstext&quot;: &quot;Voir moins&quot;, &quot;facebooklinktext&quot;: &quot;Voir sur Facebook&quot;, &quot;sharelinktext&quot;: &quot;Partager&quot;, &quot;secondtext&quot;: &quot;seconde&quot;, &quot;secondstext&quot;: &quot;secondes&quot;, &quot;hourtext&quot;: &quot;heure&quot;, &quot;hourstext&quot;: &quot;heures&quot;, &quot;daytext&quot;: &quot;jour&quot;, &quot;daystext&quot;: &quot;jours&quot;, &quot;weektext&quot;: &quot;semaine&quot;, &quot;weekstext&quot;: &quot;semaines&quot;, &quot;monthtext&quot;: &quot;mois&quot;, &quot;monthstext&quot;: &quot;mois&quot;, &quot;yeartext&quot;: &quot;ann\u00e9e&quot;, &quot;yearstext&quot;: &quot;ann\u00e9es&quot;, &quot;agotext&quot;: &quot; &quot;, &quot;class&quot;: &quot;cff-date-fr&quot;}\" data-post-id=\"2856\" data-feed-id=\"108204950827874\"><\/div><\/div><div class=\"cff-clear\"><\/div><\/div>\n<p>[\/et_pb_text][\/et_pb_column][\/et_pb_row][\/et_pb_section]<\/p>\n","protected":false},"excerpt":{"rendered":"<p>En travaillant ensemble, nous trouvons le positif\u00a0dans nos communaut\u00e9s.Nous sommes responsables d\u2019une famille de 15 agences de sant\u00e9 et de services \u00e0 la personne o\u00f9, chaque jour, plus de 7 000 personnes de toutes confessions, traditions et cultures font une diff\u00e9rence dans la vie de ceux qui franchissent nos portes en temps de besoin. Nous&hellip; <a class=\"continue\" href=\"https:\/\/compassionaction.thedev.ca\/fr\/\">Continue Reading<span> Accueil<\/span><\/a><\/p>\n","protected":false},"author":1,"featured_media":0,"parent":0,"menu_order":0,"comment_status":"closed","ping_status":"closed","template":"","meta":{"_et_pb_use_builder":"on","_et_pb_old_content":"","_et_gb_content_width":""},"yoast_head":"<!-- This site is optimized with the Yoast SEO plugin v17.7.1 - https:\/\/yoast.com\/wordpress\/plugins\/seo\/ -->\n<title>Accueil - R\u00e9seau Compassion Network<\/title>\n<meta name=\"robots\" content=\"noindex, follow, max-snippet:-1, max-image-preview:large, max-video-preview:-1\" \/>\n<meta property=\"og:locale\" content=\"fr_FR\" \/>\n<meta property=\"og:type\" content=\"article\" \/>\n<meta property=\"og:title\" content=\"Accueil - R\u00e9seau Compassion Network\" \/>\n<meta property=\"og:description\" content=\"En travaillant ensemble, nous trouvons le positif\u00a0dans nos communaut\u00e9s.Nous sommes responsables d\u2019une famille de 15 agences de sant\u00e9 et de services \u00e0 la personne o\u00f9, chaque jour, plus de 7 000 personnes de toutes confessions, traditions et cultures font une diff\u00e9rence dans la vie de ceux qui franchissent nos portes en temps de besoin. Nous&hellip; Continue Reading Accueil\" \/>\n<meta property=\"og:url\" content=\"https:\/\/compassionaction.thedev.ca\/fr\/\" \/>\n<meta property=\"og:site_name\" content=\"R\u00e9seau Compassion Network\" \/>\n<meta property=\"article:modified_time\" content=\"2021-11-15T15:50:55+00:00\" \/>\n<meta name=\"twitter:card\" content=\"summary_large_image\" \/>\n<meta name=\"twitter:label1\" content=\"Dur\u00e9e de lecture estim\u00e9e\" \/>\n\t<meta name=\"twitter:data1\" content=\"3 minutes\" \/>\n<script type=\"application\/ld+json\" class=\"yoast-schema-graph\">{\"@context\":\"https:\/\/schema.org\",\"@graph\":[{\"@type\":\"WebSite\",\"@id\":\"https:\/\/compassionaction.thedev.ca\/#website\",\"url\":\"https:\/\/compassionaction.thedev.ca\/\",\"name\":\"R\\u00e9seau Compassion Network\",\"description\":\"\",\"potentialAction\":[{\"@type\":\"SearchAction\",\"target\":{\"@type\":\"EntryPoint\",\"urlTemplate\":\"https:\/\/compassionaction.thedev.ca\/?s={search_term_string}\"},\"query-input\":\"required name=search_term_string\"}],\"inLanguage\":\"fr-FR\"},{\"@type\":\"WebPage\",\"@id\":\"https:\/\/compassionaction.thedev.ca\/fr\/#webpage\",\"url\":\"https:\/\/compassionaction.thedev.ca\/fr\/\",\"name\":\"Accueil - R\\u00e9seau Compassion Network\",\"isPartOf\":{\"@id\":\"https:\/\/compassionaction.thedev.ca\/#website\"},\"datePublished\":\"2020-07-11T14:52:08+00:00\",\"dateModified\":\"2021-11-15T15:50:55+00:00\",\"breadcrumb\":{\"@id\":\"https:\/\/compassionaction.thedev.ca\/fr\/#breadcrumb\"},\"inLanguage\":\"fr-FR\",\"potentialAction\":[{\"@type\":\"ReadAction\",\"target\":[\"https:\/\/compassionaction.thedev.ca\/fr\/\"]}]},{\"@type\":\"BreadcrumbList\",\"@id\":\"https:\/\/compassionaction.thedev.ca\/fr\/#breadcrumb\",\"itemListElement\":[{\"@type\":\"ListItem\",\"position\":1,\"name\":\"Home\",\"item\":\"https:\/\/compassionaction.thedev.ca\/fr\/\"},{\"@type\":\"ListItem\",\"position\":2,\"name\":\"Accueil\"}]}]}<\/script>\n<!-- \/ Yoast SEO plugin. -->","yoast_head_json":{"title":"Accueil - R\u00e9seau Compassion Network","robots":{"index":"noindex","follow":"follow","max-snippet":"max-snippet:-1","max-image-preview":"max-image-preview:large","max-video-preview":"max-video-preview:-1"},"og_locale":"fr_FR","og_type":"article","og_title":"Accueil - R\u00e9seau Compassion Network","og_description":"En travaillant ensemble, nous trouvons le positif\u00a0dans nos communaut\u00e9s.Nous sommes responsables d\u2019une famille de 15 agences de sant\u00e9 et de services \u00e0 la personne o\u00f9, chaque jour, plus de 7 000 personnes de toutes confessions, traditions et cultures font une diff\u00e9rence dans la vie de ceux qui franchissent nos portes en temps de besoin. Nous&hellip; Continue Reading Accueil","og_url":"https:\/\/compassionaction.thedev.ca\/fr\/","og_site_name":"R\u00e9seau Compassion Network","article_modified_time":"2021-11-15T15:50:55+00:00","twitter_card":"summary_large_image","twitter_misc":{"Dur\u00e9e de lecture estim\u00e9e":"3 minutes"},"schema":{"@context":"https:\/\/schema.org","@graph":[{"@type":"WebSite","@id":"https:\/\/compassionaction.thedev.ca\/#website","url":"https:\/\/compassionaction.thedev.ca\/","name":"R\u00e9seau Compassion Network","description":"","potentialAction":[{"@type":"SearchAction","target":{"@type":"EntryPoint","urlTemplate":"https:\/\/compassionaction.thedev.ca\/?s={search_term_string}"},"query-input":"required name=search_term_string"}],"inLanguage":"fr-FR"},{"@type":"WebPage","@id":"https:\/\/compassionaction.thedev.ca\/fr\/#webpage","url":"https:\/\/compassionaction.thedev.ca\/fr\/","name":"Accueil - R\u00e9seau Compassion Network","isPartOf":{"@id":"https:\/\/compassionaction.thedev.ca\/#website"},"datePublished":"2020-07-11T14:52:08+00:00","dateModified":"2021-11-15T15:50:55+00:00","breadcrumb":{"@id":"https:\/\/compassionaction.thedev.ca\/fr\/#breadcrumb"},"inLanguage":"fr-FR","potentialAction":[{"@type":"ReadAction","target":["https:\/\/compassionaction.thedev.ca\/fr\/"]}]},{"@type":"BreadcrumbList","@id":"https:\/\/compassionaction.thedev.ca\/fr\/#breadcrumb","itemListElement":[{"@type":"ListItem","position":1,"name":"Home","item":"https:\/\/compassionaction.thedev.ca\/fr\/"},{"@type":"ListItem","position":2,"name":"Accueil"}]}]}},"_links":{"self":[{"href":"https:\/\/compassionaction.thedev.ca\/fr\/wp-json\/wp\/v2\/pages\/2856"}],"collection":[{"href":"https:\/\/compassionaction.thedev.ca\/fr\/wp-json\/wp\/v2\/pages"}],"about":[{"href":"https:\/\/compassionaction.thedev.ca\/fr\/wp-json\/wp\/v2\/types\/page"}],"author":[{"embeddable":true,"href":"https:\/\/compassionaction.thedev.ca\/fr\/wp-json\/wp\/v2\/users\/1"}],"replies":[{"embeddable":true,"href":"https:\/\/compassionaction.thedev.ca\/fr\/wp-json\/wp\/v2\/comments?post=2856"}],"version-history":[{"count":56,"href":"https:\/\/compassionaction.thedev.ca\/fr\/wp-json\/wp\/v2\/pages\/2856\/revisions"}],"predecessor-version":[{"id":8772,"href":"https:\/\/compassionaction.thedev.ca\/fr\/wp-json\/wp\/v2\/pages\/2856\/revisions\/8772"}],"wp:attachment":[{"href":"https:\/\/compassionaction.thedev.ca\/fr\/wp-json\/wp\/v2\/media?parent=2856"}],"curies":[{"name":"wp","href":"https:\/\/api.w.org\/{rel}","templated":true}]}}